{"id":4734,"date":"2020-12-17T09:27:02","date_gmt":"2020-12-17T09:27:02","guid":{"rendered":"https:\/\/www.maresmar.com\/ca\/?page_id=4734"},"modified":"2024-02-15T11:31:20","modified_gmt":"2024-02-15T11:31:20","slug":"politica-de-privacidad","status":"publish","type":"page","link":"https:\/\/www.maresmar.com\/ca\/politica-de-privacidad\/","title":{"rendered":"Pol\u00edtica de privacidad"},"content":{"rendered":"<p>[et_pb_section fb_built=&#8221;1&#8243; admin_label=&#8221;section&#8221; _builder_version=&#8221;4.16&#8243; global_colors_info=&#8221;{}&#8221;][et_pb_row admin_label=&#8221;row&#8221; _builder_version=&#8221;4.16&#8243; background_size=&#8221;initial&#8221; background_position=&#8221;top_left&#8221; background_repeat=&#8221;repeat&#8221; global_colors_info=&#8221;{}&#8221;][et_pb_column type=&#8221;4_4&#8243; _builder_version=&#8221;4.16&#8243; custom_padding=&#8221;|||&#8221; global_colors_info=&#8221;{}&#8221; custom_padding__hover=&#8221;|||&#8221;][et_pb_text admin_label=&#8221;Texto&#8221; _builder_version=&#8221;4.16&#8243; background_size=&#8221;initial&#8221; background_position=&#8221;top_left&#8221; background_repeat=&#8221;repeat&#8221; use_border_color=&#8221;off&#8221; border_color=&#8221;#ffffff&#8221; border_style=&#8221;solid&#8221; global_colors_info=&#8221;{}&#8221;]<\/p>\n<p style=\"text-align: center;\"><strong><u>POL\u00cdTICA DE PRIVACITAT<\/u><\/strong><\/p>\n<p style=\"text-align: center;\"><strong><u>ENS PREOCUPA LA SEVA PRIVACITAT<\/u><\/strong><\/p>\n<p>L&#8217;acc\u00e9s i \u00fas del lloc web https:\/\/www.maresmar.com\/ (d&#8217;ara endavant, \u201cWeb\u201d\u201d) atribueix la condici\u00f3 d&#8217;usuari al visitant de la Web i implica la total acceptaci\u00f3 sense reserves per part de l&#8217;usuari de les condicions d&#8217;\u00fas vigents a cada moment.<\/p>\n<p><strong>MARESMAR, S.L.O.<\/strong> (d&#8217;ara endavant, denominada col\u00b7lectiva i indistintament &#8220;<strong>MARESMAR<\/strong>\u201d, &#8220;<strong>nosaltres<\/strong>&#8220;, &#8220;<strong>nostre<\/strong>&#8221; o \u201c<strong>ens<\/strong>\u201d) considera fonamental la privacitat de les persones, tant dels visitants de la Web com de qualssevol altres afectats que ens proporcionen informaci\u00f3 com a part de la prestaci\u00f3 de serveis (d&#8217;ara endavant i conjuntament, \u201c<strong>vost\u00e8<\/strong>\u201d o el \u201c<strong>usuari<\/strong>\u201d i de manera plural, \u201c<strong>vost\u00e8s<\/strong>\u201d o els \u201c<strong>usuaris<\/strong>\u201d).<\/p>\n<p>En aquest sentit, <strong>MARESMAR<\/strong> es compromet al tractament de les seves dades d&#8217;acord amb la normativa de protecci\u00f3 de dades personals aplicable i en vigor a cada moment. Concretament, <strong>MARESMAR<\/strong> complir\u00e0 amb les premisses establertes en la Llei org\u00e0nica 3\/2018, de 5 de desembre, de Protecci\u00f3 de Dades Personals i garantia dels drets digitals (\u201cLOPDGDD\u201d), aix\u00ed com aquelles del Reglament (UE) 2016\/679, de 27 d&#8217;abril de 2016, del Parlament Europeu i del Consell relatiu a la protecci\u00f3 de les persones f\u00edsiques pel que fa al tractament de dades personals i a la lliure circulaci\u00f3 d&#8217;aquestes dades i pel qual es deroga la Directiva 95\/46\/CE (\u201cRGPD\u201d) i qualssevol altres regulacions correlatives d&#8217;aplicaci\u00f3 en vigor a cada moment. Sobre la base d&#8217;aix\u00f2, MARESMAR informa de la seva Pol\u00edtica de Privacitat, amb la finalitat de fer coneixedors als usuaris sobre el tractament de les seves dades, aix\u00ed com dels principis fonamentals sobre protecci\u00f3 de dades personals que aplica. Per a aix\u00f2, consulti els apartats a continuaci\u00f3:<br \/>\n[\/et_pb_text][et_pb_accordion admin_label=&#8221;Acorde\u00f3n&#8221; _builder_version=&#8221;4.16&#8243; use_border_color=&#8221;off&#8221; border_color=&#8221;#ffffff&#8221; border_style=&#8221;solid&#8221; global_colors_info=&#8221;{}&#8221;][et_pb_accordion_item title=&#8221;\u00bfQui \u00e9s el Responsable del tractament de les seves dades?&#8221; _builder_version=&#8221;4.16&#8243; global_colors_info=&#8221;{}&#8221; open=&#8221;on&#8221;]<u>Identitat del Responsable del tractament:<\/u> <strong>MARESMAR, S.L.U.<\/strong><\/p>\n<p><u>C.I.F.:<\/u>\u00a0B62369764<\/p>\n<p><u>Adre\u00e7a postal<\/u>: Carrer Longitudinal 6 N\u00fam. 107 \u2013 Mercabarna-, 08040 BARCELONA<\/p>\n<p><u>Tel\u00e8fon<\/u><strong>: <\/strong>+34 93 263 27 24<\/p>\n<p><u>Correu electr\u00f2nic:<\/u> <a href=\"mailto:datos@maresmar.com\">datos@maresmar.com<\/a><br \/>\n[\/et_pb_accordion_item][et_pb_accordion_item title=&#8221;\u00bfQuines s\u00f3n les finalitats principals del tractament de les seves dades?&#8221; _builder_version=&#8221;4.16&#8243; global_colors_info=&#8221;{}&#8221; open=&#8221;off&#8221;]Les dades personals facilitades i recollits, ja sigui mitjan\u00e7ant subscripcions disponibles a la web, contractacions, correus electr\u00f2nics i \/ o trucades, seran empleats amb els seg\u00fcents prop\u00f2sits: (a) respondre, atendre i gestionar a les consultes, q\u00fcestions i \/ o sol\u00b7licituds realitzades pels diferents usuaris; (B) prestar els nostres serveis de conformitat amb l&#8217;apartat informaci\u00f3 legal (c) garantir el correcte funcionament t\u00e8cnic del Web; i (d) utilitzar per a qualsevol altre fi exigit o perm\u00e8s per la legislaci\u00f3 aplicable o per al qual vost\u00e8 hagi prestat el seu consentiment.<br \/>\n[\/et_pb_accordion_item][et_pb_accordion_item title=&#8221;\u00bfQuina \u00e9s la legitimaci\u00f3 per al tractament de les seves dades?&#8221; _builder_version=&#8221;4.16&#8243; global_colors_info=&#8221;{}&#8221; open=&#8221;off&#8221;]Les bases legals per tractar les seves dades personals s\u00f3n: (a) l&#8217;exist\u00e8ncia d&#8217;una relaci\u00f3 precontractual i \/ o contractual; (B) quan resulti necessari per a la satisfacci\u00f3 d&#8217;interessos leg\u00edtims perseguits per <strong>MARESMAR<\/strong>; (C) quan hagi donat el seu consentiment; i (d) quan sigui necessari per complir amb les obligacions legals i reglament\u00e0ries de <strong>MARESMAR<\/strong>.<br \/>\n[\/et_pb_accordion_item][et_pb_accordion_item title=&#8221;\u00bfPer quant de temps conservarem les seves dades?&#8221; _builder_version=&#8221;4.16&#8243; global_colors_info=&#8221;{}&#8221; open=&#8221;off&#8221;]Les dades obtingudes seran conservades mentre es mantingui la seva relaci\u00f3 amb nosaltres, i fins i tot amb posterioritat a l&#8217;extinci\u00f3 d&#8217;aquesta durant el termini necessari per a la formulaci\u00f3, exercici o defensa de reclamacions, i obligacions legals i contractuals, sempre estant degudament bloquejades.<br \/>\n[\/et_pb_accordion_item][et_pb_accordion_item title=&#8221;\u00bfQui podran ser destinataris de la comunicaci\u00f3 de dades?&#8221; _builder_version=&#8221;4.16&#8243; global_colors_info=&#8221;{}&#8221; open=&#8221;off&#8221;]Depenent dels fins per als quals es recopila la informaci\u00f3 personal, poden accedir a aquesta informaci\u00f3, indistintament, les seg\u00fcents persones:<\/p>\n<ul>\n<li>&#8211; Personal autoritzat de MARESMAR o els seus representants actuant en nom de MARESMAR, subjectes a les lleis de protecci\u00f3 de dades que siguin aplicables;<\/li>\n<li>&#8211; Autoritats reguladores o altres tercers de conformitat amb les lleis aplicables;<\/li>\n<li>&#8211; Tercers (prove\u00efdors de serveis que processen informaci\u00f3 com a encarregat de tractament de dades, sota les instruccions de <strong>MARESMAR<\/strong>). Tot aix\u00f2 nom\u00e9s despr\u00e9s de dur a terme les mesures necess\u00e0ries per assegurar que podem compartir aquesta informaci\u00f3 i havent celebrat el corresponent contracte d&#8217;enc\u00e0rrec de tractament, de conformitat amb normativa de protecci\u00f3 de dades aplicables.<\/li>\n<\/ul>\n<p>Les dades personals poden tractar-se fora de l&#8217;Espai Econ\u00f2mic Europeu (EEE). Quan es tractin fora de l&#8217;EEE, <strong>MARESMAR<\/strong> s&#8217;ha d&#8217;assegurar que aquest tractament de dades transfronterer \u00e9s protegit amb les garanties oportunes.<\/p>\n<p>Aquestes garanties poden incloure:<\/p>\n<ol>\n<li>Cl\u00e0usules Contractuals Tipus aprovades per la Comissi\u00f3 Europea. Aquestes cl\u00e0usules estandarditzades proporcionen suficients garanties per garantir que es reuneixen els requisits d&#8217;adequaci\u00f3 i seguretat establerts pel Reglament General Europeu de Protecci\u00f3 de Dades; o<\/li>\n<li>Certificacions que demostren que els tercers situats fora de l&#8217;EEE tracten dades personals d&#8217;una forma conseq\u00fcent amb el Reglament General de Protecci\u00f3 de Dades. Aquestes certificacions s\u00f3n aprovades b\u00e9 per la Comissi\u00f3 Europea, b\u00e9 per una autoritat supervisora \u200b\u200bcompetent, o b\u00e9 per un organisme nacional d&#8217;acreditaci\u00f3 competent d&#8217;acord amb el Reglament General de Protecci\u00f3 de Dades.<\/li>\n<\/ol>\n<p>&nbsp;<\/p>\n<p>No vendrem ni divulgarem a tercers cap informaci\u00f3 o dada personal que vost\u00e8 hagi proporcionat al nostre lloc web i que pugui identificar-lo a vost\u00e8 directament o indirectament.<br \/>\n[\/et_pb_accordion_item][et_pb_accordion_item title=&#8221;\u00bfQuins s\u00f3n els seus drets quan ens facilita les seves dades?&#8221; _builder_version=&#8221;4.16&#8243; global_colors_info=&#8221;{}&#8221; open=&#8221;off&#8221;]<\/p>\n<ul>\n<li><u>Dret a sol\u00b7licitar l&#8217;acc\u00e9s a les dades personals:<\/u> vost\u00e8 podr\u00e0 preguntar a <strong>MARESMAR<\/strong> si est\u00e0 tractant les seves dades, i en cas afirmatiu accedir-hi.<\/li>\n<li><u>Dret a sol\u00b7licitar la seva rectificaci\u00f3 si les dades s\u00f3n inexactes, o completar les dades que tinguem incomplets.<\/u><\/li>\n<li><u>Dret a sol\u00b7licitar la supressi\u00f3 de les seves dades.<\/u><\/li>\n<li><u>Dret a sol\u00b7licitar la limitaci\u00f3 del seu tractament<\/u>: en aquest cas \u00fanicament els conservarem per a l&#8217;exercici o la defensa de reclamacions.<\/li>\n<li><u>Dret a oposar-se al tractament<\/u>: <strong>MARESMAR<\/strong> deixar\u00e0 de tractar les dades personals, amb l&#8217;excepci\u00f3 que hagin de seguir tractant-se per motius leg\u00edtims o per a l&#8217;exercici o defensa de possibles reclamacions.<\/li>\n<li><u>Dret a la portabilitat de les dades:<\/u> en cas que l&#8217;usuari vulgui que les seves dades siguin tractades per un altre responsable del tractament, <strong>MARESMAR<\/strong> li facilitar\u00e0 el transvasament de les seves dades a el nou responsable.<\/li>\n<li><u>Dret a no ser objecte d&#8217;una decisi\u00f3 basada \u00fanicament en el tractament automatitzat de les seves dades personals.<\/u><\/li>\n<\/ul>\n<p>Si hagu\u00e9s atorgat el consentiment per a alguna finalitat espec\u00edfica, podr\u00e0 retirar el mateix quan ho desitgi, sense que aix\u00f2 afecti la licitud del tractament basat en el consentiment previ a la seva retirada.<\/p>\n<p>Per a l&#8217;exercici dels seus drets li preguem que ens ho comuniqui per escrit a <strong>MARESMAR<\/strong> Carrer Longitudinal 6 N\u00fam. 107 &#8211; Mercabarna-, 08040 BARCELONA o envieu-nos un correu electr\u00f2nic a: datos@maresmar.com Si es t\u00e9 dubtes sobre la seva identitat, podr\u00e0 resultar necessari aportar fotoc\u00f2pia de l&#8217;DNI o document equivalent que acrediti la identitat i sigui considerat v\u00e0lid en dret. Per a aix\u00f2, pot utilitzar els models i formularis sobre els diferents drets que disposa l&#8217;Ag\u00e8ncia Espanyola de Protecci\u00f3 de Dades a la seva p\u00e0gina oficial (<a href=\"https:\/\/www.aepd.es\/reglamento\/derechos\/index.html\">https:\/\/www.aepd.es\/reglamento\/derechos\/index.html<\/a>).<\/p>\n<p>L&#8217;informem el dret que li assisteix a presentar reclamaci\u00f3 davant l&#8217;Autoritat de Control, espec\u00edficament, davant l&#8217;Ag\u00e8ncia Espanyola de Protecci\u00f3 de Dades (<a href=\"https:\/\/sedeagpd.gob.es\/sede-electronica-web\/vistas\/formNuevaReclamacion\/nuevaReclamacion.jsf\">https:\/\/sedeagpd.gob.es\/sede-electronica-web\/vistas\/formNuevaReclamacion\/nuevaReclamacion.jsf<\/a>), i altres organismes p\u00fablics competents per a qualsevol reclamaci\u00f3 derivada de les seves dades personals.<br \/>\n[\/et_pb_accordion_item][et_pb_accordion_item title=&#8221;\u00bfCom protegim seves dades personals?&#8221; _builder_version=&#8221;4.16&#8243; global_colors_info=&#8221;{}&#8221; open=&#8221;off&#8221;]Per tal de vetllar per la seguretat de la informaci\u00f3, <strong>MARESMAR<\/strong> aplica diferents mesures t\u00e8cniques i organitzatives per garantir el nivell de seguretat adequat de conformitat amb la normativa aplicable. En qualsevol cas, <strong>MARESMAR<\/strong> prendr\u00e0 mesures t\u00e8cniques i organitzatives adequades, tant al dissenyar el sistema de tractament de les dades com en el moment del propi tractament, per preservar la seguretat i impedir tractaments no autoritzats. No obstant aix\u00f2, tot i la implementaci\u00f3 diligent d&#8217;aquestes mesures, l&#8217;usuari ha de saber que les mesures de seguretat a Internet no s\u00f3n inexpugnables. <strong>MARESMAR<\/strong> no \u00e9s responsable d&#8217;actuacions de tercers que, vulnerant aquestes mesures, accedeixin a les esmentades dades i informaci\u00f3.<br \/>\n[\/et_pb_accordion_item][et_pb_accordion_item title=&#8221;Confidencialitat&#8221; _builder_version=&#8221;4.16&#8243; global_colors_info=&#8221;{}&#8221; open=&#8221;off&#8221;]Els professionals que treballen en <strong>MARESMAR<\/strong> i que tinguessin algun tipus d&#8217;intervenci\u00f3 en els serveis prestats a l&#8217;usuari, estan compromesos a no divulgar ni fer \u00fas de la informaci\u00f3 a la qual hagin accedit. La informaci\u00f3 subministrada per l&#8217;usuari tindr\u00e0, en tot cas, la consideraci\u00f3 de confidencial, sense que pugui ser utilitzada per a altres fins que els relacionats amb la gesti\u00f3 vinculada a les seves sol\u00b7licituds i als serveis contractats a <strong>MARESMAR<\/strong>, si escau. En aquest sentit, ens obliguem a no divulgar ni revelar informaci\u00f3 sobre les pretensions de l&#8217;usuari, els motius de l&#8217;assessorament sol\u00b7licitat o la durada de la seva relaci\u00f3 amb aquest.<br \/>\n[\/et_pb_accordion_item][et_pb_accordion_item title=&#8221;Enlla\u00e7os&#8221; _builder_version=&#8221;4.16&#8243; global_colors_info=&#8221;{}&#8221; open=&#8221;off&#8221;]La Web pot contenir enlla\u00e7os a altres p\u00e0gines webs. Tingueu en compte que no som responsables de la privacitat i el tractament de dades d&#8217;altres p\u00e0gines webs. Aquesta pol\u00edtica de privacitat \u00e9s aplicable exclusivament a la informaci\u00f3 que es recull a la web. Us recomanem que llegiu les pol\u00edtiques de privacitat i tractament de dades d&#8217;altres p\u00e0gines web amb les quals enlla\u00e7a des de la nostra web o que visiti de qualsevol altra manera.<br \/>\n[\/et_pb_accordion_item][et_pb_accordion_item title=&#8221;Xarxes socials&#8221; _builder_version=&#8221;4.16&#8243; global_colors_info=&#8221;{}&#8221; open=&#8221;off&#8221;]<strong>MARESMAR <\/strong>t\u00e9 pres\u00e8ncia en algunes de les principals xarxes socials d&#8217;Internet, i de les que actua com a responsable del tractament en relaci\u00f3 amb les dades publicades per<strong> MARESMAR.<\/strong><\/p>\n<p><strong>MARESMAR <\/strong>tractar\u00e0 les dades per cada xarxa social segons les normes establertes a l&#8217;efecte per cada xarxa social. Per tant, i mentre no es manifesti el contrari des <strong>MARESMAR <\/strong>podrem informar, als nostres seguidors a la xarxa social corresponent de les nostres activitats, esdeveniments, i altres temes relacionats, inclosa l&#8217;atenci\u00f3 al seguidor, pels canals que la xarxa social proporcioni a l&#8217;efecte<strong> .<\/strong><\/p>\n<p><strong>MARESMAR <\/strong>no extraur\u00e0 dades personals de les xarxes socials, llevat que l&#8217;usuari ens doni el seu consentiment expr\u00e9s.<br \/>\n[\/et_pb_accordion_item][et_pb_accordion_item title=&#8221;Pol\u00edtica infantil&#8221; _builder_version=&#8221;4.16&#8243; global_colors_info=&#8221;{}&#8221; open=&#8221;off&#8221;]Este sitio web no est\u00e1 dise\u00f1ado ni dirigido a menores de dieciocho (18) a\u00f1os, sin autorizaci\u00f3n de los padres o tutor legal. En este sentido, no recopilamos deliberadamente informaci\u00f3n de dichas personas. En cualquier caso, si los padres o representantes legales consideran que sus hijos nos han remitido datos personales, sin su consentimiento, comun\u00edquese con nosotros escribiendo a <a href=\"mailto:datos@maresmar.com\">datos@maresmar.com<\/a><br \/>\n[\/et_pb_accordion_item][et_pb_accordion_item title=&#8221;Modificacions i integritat de la nostra Pol\u00edtica de Privacitat&#8221; _builder_version=&#8221;4.16&#8243; global_colors_info=&#8221;{}&#8221; open=&#8221;off&#8221;]Nom\u00e9s utilitzarem les seves dades de car\u00e0cter personal segons el que estableix la Pol\u00edtica de Privacitat que estigui en vigor en el moment en qu\u00e8 obtinguem les seves dades de car\u00e0cter personal. <strong>MARESMAR<\/strong> es reserva el dret a modificar en qualsevol moment aquesta Pol\u00edtica de Privacitat, publicant aquestes modificacions a la web, pel que li recomanem que consulti la Pol\u00edtica de Privacitat cada vegada que accedeixi a la web. Si en algun moment vam decidir utilitzar dades personals de manera diferent al que es va declarar en el moment de la seva obtenci\u00f3, l&#8217;hi comunicarem per correu electr\u00f2nic, sempre que disposem d&#8217;ell mateix. En aquest moment se li donar\u00e0 l&#8217;opci\u00f3 d&#8217;autoritzar altres usos o divulgacions de les dades personals que vost\u00e8 ens hagu\u00e9s facilitat abans de la modificaci\u00f3 de la nostra Pol\u00edtica de Privacitat. En cas que qualsevol cl\u00e0usula de la present Pol\u00edtica de Privacitat fora anul\u00b7lada o considerada nul\u00b7la, la resta de les condicions no es veuran afectades, conservant plenament la seva validesa i vig\u00e8ncia, en atenci\u00f3 a la normativa vigent d&#8217;aplicaci\u00f3 en cada moment.<br \/>\n[\/et_pb_accordion_item][\/et_pb_accordion][et_pb_text admin_label=&#8221;Texto&#8221; _builder_version=&#8221;4.16&#8243; background_size=&#8221;initial&#8221; background_position=&#8221;top_left&#8221; background_repeat=&#8221;repeat&#8221; use_border_color=&#8221;off&#8221; border_color=&#8221;#ffffff&#8221; border_style=&#8221;solid&#8221; global_colors_info=&#8221;{}&#8221;]En utilitzar el nostre lloc web, l&#8217;usuari admet que ha llegit i accepta aquesta Pol\u00edtica de Privacitat i el nostre <u>Av\u00eds Legal<\/u>.<\/p>\n<p><strong>Data de l&#8217;\u00faltima actualitzaci\u00f3: desembre de 2020.<\/strong><br \/>\n[\/et_pb_text][\/et_pb_column][\/et_pb_row][\/et_pb_section][et_pb_section fb_built=&#8221;1&#8243; _builder_version=&#8221;4.20.0&#8243; width=&#8221;100%&#8221; max_width=&#8221;100%&#8221; module_alignment=&#8221;center&#8221; custom_padding=&#8221;0px||0px||false|false&#8221; global_colors_info=&#8221;{}&#8221; global_module=&#8221;7024&#8243; theme_builder_area=&#8221;post_content&#8221;][et_pb_row _builder_version=&#8221;4.20.0&#8243; background_color=&#8221;#1f3b71&#8243; background_size=&#8221;initial&#8221; background_position=&#8221;top_left&#8221; background_repeat=&#8221;repeat&#8221; width=&#8221;100%&#8221; max_width=&#8221;100%&#8221; module_alignment=&#8221;center&#8221; custom_padding=&#8221;50px|25px||25px|false|true&#8221; global_colors_info=&#8221;{}&#8221; theme_builder_area=&#8221;post_content&#8221;][et_pb_column type=&#8221;4_4&#8243; _builder_version=&#8221;4.20.0&#8243; _module_preset=&#8221;default&#8221; global_colors_info=&#8221;{}&#8221; theme_builder_area=&#8221;post_content&#8221;][et_pb_image src=&#8221;https:\/\/www.maresmar.com\/wp-content\/uploads\/2024\/02\/maresmar_logo-1.png&#8221; title_text=&#8221;maresmar_logo&#8221; url=&#8221;https:\/\/www.maresmar.com\/&#8221; align=&#8221;center&#8221; _builder_version=&#8221;4.20.0&#8243; _module_preset=&#8221;default&#8221; width=&#8221;200px&#8221; width_tablet=&#8221;250px&#8221; width_phone=&#8221;150px&#8221; width_last_edited=&#8221;on|phone&#8221; global_colors_info=&#8221;{}&#8221; theme_builder_area=&#8221;post_content&#8221;][\/et_pb_image][\/et_pb_column][\/et_pb_row][et_pb_row custom_padding_last_edited=&#8221;on|desktop&#8221; module_class=&#8221;dms-flex-center footer-links&#8221; _builder_version=&#8221;4.20.0&#8243; _module_preset=&#8221;default&#8221; background_color=&#8221;#1f3b71&#8243; width=&#8221;100%&#8221; max_width=&#8221;100%&#8221; module_alignment=&#8221;center&#8221; custom_padding=&#8221;25px|25px|25px|25px|true|true&#8221; custom_padding_tablet=&#8221;&#8221; custom_padding_phone=&#8221;15px||0px||false|true&#8221; global_colors_info=&#8221;{}&#8221; theme_builder_area=&#8221;post_content&#8221;][et_pb_column type=&#8221;4_4&#8243; _builder_version=&#8221;4.20.0&#8243; _module_preset=&#8221;default&#8221; global_colors_info=&#8221;{}&#8221; theme_builder_area=&#8221;post_content&#8221;][et_pb_text _builder_version=&#8221;4.20.0&#8243; _dynamic_attributes=&#8221;link_option_url&#8221; _module_preset=&#8221;default&#8221; text_font=&#8221;|300||on|||||&#8221; text_text_color=&#8221;#FFFFFF&#8221; text_font_size=&#8221;11px&#8221; text_letter_spacing=&#8221;4.2px&#8221; custom_margin=&#8221;|35px|0px|35px|false|true&#8221; link_option_url=&#8221;@ET-DC@eyJkeW5hbWljIjp0cnVlLCJjb250ZW50IjoicG9zdF9saW5rX3VybF9wYWdlIiwic2V0dGluZ3MiOnsicG9zdF9pZCI6IjM5NzMifX0=@&#8221; global_colors_info=&#8221;{}&#8221; theme_builder_area=&#8221;post_content&#8221;]<\/p>\n<p style=\"text-align: center;\">AV\u00cdS LEGAL<\/p>\n<p>[\/et_pb_text][et_pb_text _builder_version=&#8221;4.20.0&#8243; _dynamic_attributes=&#8221;link_option_url&#8221; _module_preset=&#8221;default&#8221; text_font=&#8221;|300||on|||||&#8221; text_text_color=&#8221;#FFFFFF&#8221; text_font_size=&#8221;11px&#8221; text_letter_spacing=&#8221;4.2px&#8221; custom_margin=&#8221;|35px|0px|35px|false|true&#8221; link_option_url=&#8221;@ET-DC@eyJkeW5hbWljIjp0cnVlLCJjb250ZW50IjoicG9zdF9saW5rX3VybF9wYWdlIiwic2V0dGluZ3MiOnsicG9zdF9pZCI6IjYifX0=@&#8221; global_colors_info=&#8221;{}&#8221; theme_builder_area=&#8221;post_content&#8221;]<\/p>\n<p style=\"text-align: center;\">POL\u00cdTICA DE COOKIES<\/p>\n<p>[\/et_pb_text][et_pb_text _builder_version=&#8221;4.20.0&#8243; _dynamic_attributes=&#8221;link_option_url&#8221; _module_preset=&#8221;default&#8221; text_font=&#8221;|300||on|||||&#8221; text_text_color=&#8221;#FFFFFF&#8221; text_font_size=&#8221;11px&#8221; text_letter_spacing=&#8221;4.2px&#8221; custom_margin=&#8221;|35px|0px|35px|false|true&#8221; link_option_url=&#8221;@ET-DC@eyJkeW5hbWljIjp0cnVlLCJjb250ZW50IjoicG9zdF9saW5rX3VybF9wYWdlIiwic2V0dGluZ3MiOnsicG9zdF9pZCI6IjM5NzEifX0=@&#8221; global_colors_info=&#8221;{}&#8221; theme_builder_area=&#8221;post_content&#8221;]<\/p>\n<p style=\"text-align: center;\">POL\u00cdTICA DE PRIVACITAT<\/p>\n<p>[\/et_pb_text][\/et_pb_column][\/et_pb_row][et_pb_row module_class=&#8221;dms-flex-center&#8221; _builder_version=&#8221;4.20.0&#8243; _module_preset=&#8221;default&#8221; background_color=&#8221;#1f3b71&#8243; width=&#8221;100%&#8221; max_width=&#8221;100%&#8221; custom_padding=&#8221;|25px|25px|25px|false|true&#8221; global_colors_info=&#8221;{}&#8221; theme_builder_area=&#8221;post_content&#8221;][et_pb_column type=&#8221;4_4&#8243; _builder_version=&#8221;4.20.0&#8243; _module_preset=&#8221;default&#8221; global_colors_info=&#8221;{}&#8221; theme_builder_area=&#8221;post_content&#8221;][et_pb_icon font_icon=&#8221;&#xe09a;||divi||400&#8243; icon_color=&#8221;#FFFFFF&#8221; icon_width=&#8221;22px&#8221; url=&#8221;https:\/\/www.instagram.com\/maresmar1987\/&#8221; url_new_window=&#8221;on&#8221; admin_label=&#8221;Icono RRSS&#8221; module_class=&#8221;footer-rrss-icon&#8221; _builder_version=&#8221;4.20.0&#8243; _module_preset=&#8221;default&#8221; custom_margin=&#8221;|8px|0px|8px|false|true&#8221; global_colors_info=&#8221;{}&#8221; theme_builder_area=&#8221;post_content&#8221;][\/et_pb_icon][et_pb_icon font_icon=&#8221;&#xe09d;||divi||400&#8243; icon_color=&#8221;#FFFFFF&#8221; icon_width=&#8221;22px&#8221; url=&#8221;https:\/\/www.linkedin.com\/company\/maresmar-s-l-u\/&#8221; url_new_window=&#8221;on&#8221; admin_label=&#8221;Icono RRSS&#8221; module_class=&#8221;footer-rrss-icon&#8221; _builder_version=&#8221;4.20.0&#8243; _module_preset=&#8221;default&#8221; custom_margin=&#8221;|8px|0px|8px|false|true&#8221; global_colors_info=&#8221;{}&#8221; theme_builder_area=&#8221;post_content&#8221;][\/et_pb_icon][et_pb_icon font_icon=&#8221;&#xe0a3;||divi||400&#8243; icon_color=&#8221;#FFFFFF&#8221; icon_width=&#8221;22px&#8221; url=&#8221;https:\/\/www.youtube.com\/@maresmar1987&#8243; url_new_window=&#8221;on&#8221; admin_label=&#8221;Icono RRSS&#8221; module_class=&#8221;footer-rrss-icon&#8221; _builder_version=&#8221;4.20.0&#8243; _module_preset=&#8221;default&#8221; custom_margin=&#8221;|8px|0px|8px|false|true&#8221; global_colors_info=&#8221;{}&#8221; theme_builder_area=&#8221;post_content&#8221;][\/et_pb_icon][\/et_pb_column][\/et_pb_row][et_pb_row module_class=&#8221;dms-flex-center&#8221; _builder_version=&#8221;4.20.0&#8243; _module_preset=&#8221;default&#8221; background_color=&#8221;#FFFFFF&#8221; width=&#8221;100%&#8221; max_width=&#8221;100%&#8221; custom_padding=&#8221;25px|25px|25px|25px|true|true&#8221; global_colors_info=&#8221;{}&#8221; theme_builder_area=&#8221;post_content&#8221;][et_pb_column type=&#8221;4_4&#8243; _builder_version=&#8221;4.20.0&#8243; _module_preset=&#8221;default&#8221; global_colors_info=&#8221;{}&#8221; theme_builder_area=&#8221;post_content&#8221;][et_pb_image src=&#8221;https:\/\/www.maresmar.com\/wp-content\/uploads\/2024\/01\/logos_calidade.png&#8221; title_text=&#8221;logos_calidade&#8221; admin_label=&#8221;Logo Socios Footer&#8221; _builder_version=&#8221;4.20.0&#8243; _module_preset=&#8221;default&#8221; custom_margin=&#8221;|30px|0px|30px|false|true&#8221; custom_margin_tablet=&#8221;&#8221; custom_margin_phone=&#8221;|5px||5px|false|true&#8221; custom_margin_last_edited=&#8221;on|phone&#8221; global_colors_info=&#8221;{}&#8221; theme_builder_area=&#8221;post_content&#8221;][\/et_pb_image][et_pb_image src=&#8221;https:\/\/www.maresmar.com\/wp-content\/uploads\/2024\/01\/logos_musklu.png&#8221; title_text=&#8221;logos_musklu&#8221; admin_label=&#8221;Logo Socios Footer&#8221; _builder_version=&#8221;4.20.0&#8243; _module_preset=&#8221;default&#8221; custom_margin=&#8221;|30px|0px|30px|false|true&#8221; custom_margin_tablet=&#8221;&#8221; custom_margin_phone=&#8221;|5px|0px|5px|false|true&#8221; custom_margin_last_edited=&#8221;on|phone&#8221; global_colors_info=&#8221;{}&#8221; theme_builder_area=&#8221;post_content&#8221;][\/et_pb_image][et_pb_image src=&#8221;https:\/\/www.maresmar.com\/wp-content\/uploads\/2024\/01\/logos_quality.png&#8221; title_text=&#8221;logos_quality&#8221; admin_label=&#8221;Logo Socios Footer&#8221; _builder_version=&#8221;4.20.0&#8243; _module_preset=&#8221;default&#8221; custom_margin=&#8221;|30px|0px|30px|false|true&#8221; custom_margin_tablet=&#8221;&#8221; custom_margin_phone=&#8221;|5px|0px|5px|false|true&#8221; custom_margin_last_edited=&#8221;on|phone&#8221; global_colors_info=&#8221;{}&#8221; theme_builder_area=&#8221;post_content&#8221;][\/et_pb_image][et_pb_image src=&#8221;https:\/\/www.maresmar.com\/wp-content\/uploads\/2024\/02\/logos_maresmar-1.png&#8221; title_text=&#8221;logos_maresmar&#8221; admin_label=&#8221;Logo Socios Footer&#8221; _builder_version=&#8221;4.20.0&#8243; _module_preset=&#8221;default&#8221; custom_margin=&#8221;|30px|0px|30px|false|true&#8221; custom_margin_tablet=&#8221;&#8221; custom_margin_phone=&#8221;|5px|0px|5px|false|true&#8221; custom_margin_last_edited=&#8221;on|phone&#8221; global_colors_info=&#8221;{}&#8221; theme_builder_area=&#8221;post_content&#8221;][\/et_pb_image][\/et_pb_column][\/et_pb_row][\/et_pb_section]<\/p>\n","protected":false},"excerpt":{"rendered":"<p>POL\u00cdTICA DE PRIVACITAT ENS PREOCUPA LA SEVA PRIVACITAT L&#8217;acc\u00e9s i \u00fas del lloc web https:\/\/www.maresmar.com\/ (d&#8217;ara endavant, \u201cWeb\u201d\u201d) atribueix la condici\u00f3 d&#8217;usuari al visitant de la Web i implica la total acceptaci\u00f3 sense reserves per part de l&#8217;usuari de les condicions d&#8217;\u00fas vigents a cada moment. MARESMAR, S.L.O. (d&#8217;ara endavant, denominada col\u00b7lectiva i indistintament &#8220;MARESMAR\u201d, [&hellip;]<\/p>\n","protected":false},"author":1,"featured_media":0,"parent":0,"menu_order":0,"comment_status":"closed","ping_status":"closed","template":"","meta":{"_et_pb_use_builder":"on","_et_pb_old_content":"<p>A trav\u00e9s del presente aviso, \u201cMARESMAR, S.L.U\u201d (en adelante, MARESMAR), informa a los usuarios de la Web<a href=\"https:\/\/www.maresmar.com\"> www.maresmar.com<\/a>, en cumplimiento del Reglamento (UE) 2016\/679 del Parlamento Europeo y del Consejo, de 27 de abril de 2016 (Reglamento General de Protecci\u00f3n de Datos) y dem\u00e1s normativa de aplicaci\u00f3n, de su pol\u00edtica de protecci\u00f3n de datos personales con la finalidad que \u00e9stos decidan de forma expresa, libre y voluntaria, facilitar a MARESMAR los datos personales que les son solicitados motivado por la solicitud de informaci\u00f3n o para la contrataci\u00f3n de los diversos productos que se ofrecen dentro del \u00e1mbito de la prestaci\u00f3n de servicios de agencia de comunicaci\u00f3n.<\/p><p>Excepto que espec\u00edficamente se establezca lo contrario, para el caso que Usted solicite informaci\u00f3n o la prestaci\u00f3n de cualquier servicio a trav\u00e9s del formulario contenido en la web <a href=\"https:\/\/www.maresmar.com\">www.maresmar.com<\/a>,\u00a0se considera necesario completar todos los datos requeridos en el formulario de forma verdadera, exacta, completa y actualizada. En caso contrario, MARESMAR podr\u00e1, dependiendo del caso, no contestar a la solicitud\u00a0 formulada o bien denegar el servicio concreto solicitado. Todos los datos facilitados por el usuario\/interesado ser\u00e1n tratados atendiendo a las caracter\u00edsticas pormenorizadas a continuaci\u00f3n.<\/p><p><strong><u>Informaci\u00f3n relativa al tratamiento de los datos personales<\/u><\/strong><\/p><p><strong>Identificaci\u00f3n del responsable:<\/strong> MARESMAR, S.L.U, con domicilio en Calle Longitudinal 6 N\u00fam. 107 \u2013 Mercabarna-, 08040 BARCELONA, con n\u00famero de NIF: B62369764, inscrita en el Registro Mercantil de Barcelona al tomo 32922, folio 92, hoja B-221890, inscripci\u00f3n 1. Correo electr\u00f3nico de contacto <strong>datos@maresmar.com.<\/strong><\/p><p><strong>Finalidad del tratamiento:<\/strong><\/p><p>Todos los datos facilitados ser\u00e1n tratados con las siguientes finalidades:<\/p><ul><li>Dar respuesta a las peticiones realizadas por el interesado.<\/li><li>Mantenimiento de la relaci\u00f3n que en su caso se establezca.<\/li><li>Gesti\u00f3n, administraci\u00f3n, informaci\u00f3n, prestaci\u00f3n y mejora de los servicios que se decida contratar.<\/li><li>Comunicaciones comerciales relacionadas con nuestros productos y servicios.<\/li><\/ul><p>Los datos personales proporcionados se conservar\u00e1n mientras se mantenga la relaci\u00f3n mercantil, el interesado no solicite su supresi\u00f3n o sean necesarios para los fines del tratamiento. No proceder\u00e1 la destrucci\u00f3n de los datos cuando exista una previsi\u00f3n legal que exija su conservaci\u00f3n, en cuyo caso se proceder\u00e1 al bloqueo de los datos, conserv\u00e1ndose \u00fanicamente a disposici\u00f3n de las Administraciones p\u00fablicas, Jueces y Tribunales, para la atenci\u00f3n de las posibles responsabilidades nacidas del tratamiento, durante el plazo de prescripci\u00f3n de \u00e9stas.<\/p><p>En la actualidad no se procede a realizar ning\u00fan tipo de decisiones automatizadas, incluida la elaboraci\u00f3n de perfiles, en base a sus datos personales. En el caso en que en un futuro se fueran a realizar dichas decisiones automatizadas, se recabar\u00e1 el consentimiento previo.<\/p><p><strong>Legitimaci\u00f3n del tratamiento:<\/strong><\/p><p>Todo tratamiento realizado sobre sus datos personales ha sido consentido por Ud. de forma previa y expresa. Con car\u00e1cter previo se le informa de todos aquellos extremos exigidos por la Ley para que pueda prestar un consentimiento informado.<\/p><p>Podr\u00e1 revocar este consentimiento en cualquier momento tal y como se detalla m\u00e1s adelante en el presente documento.<\/p><p><strong>Menores de edad:<\/strong><\/p><p>Respecto a los menores con menos de catorce a\u00f1os que deseen darse de alta como usuarios, deber\u00e1n de aportar la documentaci\u00f3n que acredite el consentimiento de sus padres o tutores legales para el tratamiento de sus datos, siendo absolutamente necesario para acceder a nuestros contenidos. Solicitamos expresamente a los padres o tutores, que tomen las medidas oportunas para evitar que los menores de edad puedan darse de alta utilizando programas de control parental o sistemas an\u00e1logos, e informarnos en caso de tener alg\u00fan indicio de que el menor se ha dado de alta. MARESMAR se reserva el derecho de solicitar al Usuario la documentaci\u00f3n que acredite su identidad en los casos que existan dudas sobre la veracidad de sus datos, neg\u00e1ndose la prestaci\u00f3n de servicios si el Usuario no atiende dicha solicitud<\/p><p>MARESMAR ha establecido los mecanismos de control razonables para evitar que menores de catorce a\u00f1os utilicen los servicios ofrecidos.<\/p><p><strong>Destinatarios, cesiones y transferencias de datos: <\/strong><\/p><p>Sus datos no ser\u00e1n cedidos salvo que sean estrictamente indispensable para el cumplimiento de las finalidades anteriormente dichas u obligaci\u00f3n legal.<\/p><p>Igualmente, sus datos tampoco ser\u00e1n transferidos a pa\u00edses fuera de la Uni\u00f3n Europea salvo que fuera indispensable para el cumplimiento de las finalidades y Ud. nos autorice de forma previa y expresa.<\/p><p><strong>Derechos de los interesados:<\/strong><\/p><p>Podr\u00e1 ejercitar en cualquier momento los derechos que se detallan a continuaci\u00f3n, mediante correo postal a MARESMAR, S.L, con domicilio en Calle Longitudinal 6 Num 107 \u2013 Mercabarna-, 08040 BARCELONA o mediante correo electr\u00f3nico a <strong>datos@maresmar.com<\/strong>. La solicitud deber\u00e1 contener nombre, apellidos y la documentaci\u00f3n que acredite la identidad del interesado o de su representante legal, as\u00ed como documento acreditativo de la representaci\u00f3n, petici\u00f3n en la que se concrete la solicitud, domicilio a efectos de notificaci\u00f3n y, en su caso, documentos acreditativos de la petici\u00f3n que formula. Si la solicitud no re\u00fane los requisitos especificados se requerir\u00e1 su subsanaci\u00f3n.<\/p><p>Los derechos de los interesados son: de acceso, rectificaci\u00f3n, limitaci\u00f3n, portabilidad, oposici\u00f3n y supresi\u00f3n; y su definici\u00f3n, de conformidad con el Reglamento General de Protecci\u00f3n de Datos, es:<\/p><p><u>Derecho de acceso (art. 15 del Reglamento General de Protecci\u00f3n de Datos)<\/u>:<\/p><ol><li>El interesado tendr\u00e1 derecho a obtener del responsable del tratamiento confirmaci\u00f3n de si se est\u00e1n tratando o no datos personales que le conciernen y, en tal caso, derecho de acceso a los datos personales y a la siguiente informaci\u00f3n:<\/li><li>a) los fines del tratamiento<\/li><li>b) las categor\u00edas de datos personales de que se traten<\/li><li>c) los destinatarios o las categor\u00edas de destinatarios a los que se comunicaron o ser\u00e1n comunicados los datos personales, en particular destinatarios en terceros u organizaciones internacionales<\/li><li>d) de ser posible, el plazo previsto de conservaci\u00f3n de los datos personales o, de no ser posible, los criterios utilizados para determinar este plazo<\/li><li>e) la existencia del derecho a solicitar del responsable la rectificaci\u00f3n o supresi\u00f3n de datos personales o la limitaci\u00f3n del tratamiento de datos personales relativos al interesado, o a oponerse a dicho tratamiento<\/li><li>f) el derecho a presentar una reclamaci\u00f3n ante una autoridad de control<\/li><li>g) cuando los datos personales no se hayan obtenido del interesado, cualquier informaci\u00f3n disponible sobre su origen<\/li><li>h) la existencia de decisiones automatizadas, incluida la elaboraci\u00f3n de perfiles, a que se refiere el art\u00edculo 22, apartados 1 y 4, y, al menos en tales casos, informaci\u00f3n significativa sobre la l\u00f3gica aplicada, as\u00ed como la importancia y las consecuencias previstas de dicho tratamiento para el interesado.<\/li><\/ol><p>\u00a0<\/p><p>2.- Cuando se transfieran datos personales a un tercer pa\u00eds o a una organizaci\u00f3n internacional, el interesado tendr\u00e1 derecho a ser informado de las garant\u00edas adecuadas en virtud del art\u00edculo 46 relativas a la transferencia.<\/p><p>3.- El responsable del tratamiento facilitar\u00e1 una copia de los datos personales objeto de tratamiento. El responsable podr\u00e1 percibir por cualquier otra copia solicitada por el interesado un canon razonable basado en los costes administrativos. Cuando el interesado presente la solicitud por medios electr\u00f3nicos, y a menos que este solicite que se facilite de otro modo, la informaci\u00f3n se facilitar\u00e1 en un formato electr\u00f3nico de uso com\u00fan.<\/p><p><u>Derecho de rectificaci\u00f3n (art. 16 del Reglamento General de Protecci\u00f3n de Datos)<\/u>:<\/p><p>El interesado tendr\u00e1 derecho a obtener sin dilaci\u00f3n indebida del responsable del tratamiento la rectificaci\u00f3n de los datos personales inexactos que le conciernan. Teniendo en cuenta los fines del tratamiento, el interesado tendr\u00e1 derecho a que se completen los datos personales que sean incompletos, inclusive mediante una declaraci\u00f3n adicional.<\/p><p><u>Derecho de supresi\u00f3n (art. 17 del Reglamento General de Protecci\u00f3n de Datos):<\/u><\/p><p>1.- El interesado tendr\u00e1 derecho a obtener sin dilaci\u00f3n indebida del responsable del tratamiento la supresi\u00f3n de los datos personales que le conciernan, el cual estar\u00e1 obligado a suprimir sin dilaci\u00f3n indebida los datos personales cuando concurra alguna de las circunstancias siguientes:<\/p><ol><li>a) los datos personales ya no sean necesarios en relaci\u00f3n con los fines para los que fueron recogidos o tratados de otro modo<\/li><li>b) el interesado retire el consentimiento en que se basa el tratamiento de conformidad con el art\u00edculo 6, apartado 1, letra a), o el art\u00edculo 9, apartado 2, letra a), y este no se base en otro fundamento jur\u00eddico<\/li><li>c) el interesado se oponga al tratamiento con arreglo al art\u00edculo 21, apartado 1, y no prevalezcan otros motivos leg\u00edtimos para el tratamiento, o el interesado se oponga al tratamiento con arreglo al art\u00edculo 21, apartado 2<\/li><li>d) los datos personales hayan sido tratados il\u00edcitamente<\/li><li>e) los datos personales deban suprimirse para el cumplimiento de una obligaci\u00f3n legal establecida en el Derecho de la Uni\u00f3n o de los Estados miembros que se aplique al responsable del tratamiento<\/li><li>f) los datos personales se hayan obtenido en relaci\u00f3n con la oferta de servicios de la sociedad de la informaci\u00f3n mencionados en el art\u00edculo 8, apartado 1<\/li><\/ol><p>2.- Cuando el responsable haya hecho p\u00fablico los datos personales de los cuales el interesado ha ejercido su derecho de supresi\u00f3n, el responsable deber\u00e1 adoptar, atendiendo la tecnolog\u00eda disponible y el coste de su aplicaci\u00f3n, las medidas razonables para comunicar a los terceros que est\u00e9n tratando esa informaci\u00f3n de la solicitud de supresi\u00f3n de los datos, as\u00ed como de cualquier enlace a esos datos o a cualquier copia o replica de los mismos.<\/p><p>3.- Este derecho se ver\u00e1 limitado por otros derechos tales como el derecho a la libertad de expresi\u00f3n e informaci\u00f3n, por el cumplimiento de alguna obligaci\u00f3n legal, o cuando existan razones de inter\u00e9s p\u00fablico.<\/p><p><u>Derecho a la limitaci\u00f3n del tratamiento (art. 18 del Reglamento General de Protecci\u00f3n de Datos)<\/u>:<\/p><p>1.- El interesado tendr\u00e1 derecho a obtener del responsable del tratamiento la limitaci\u00f3n del tratamiento de los datos cuando se cumpla alguna de las condiciones siguientes:<\/p><ol><li>a) el interesado impugne la exactitud de los datos personales, durante un plazo que permita al responsable verificar la exactitud de los mismos<\/li><li>b) el tratamiento sea il\u00edcito y el interesado se oponga a la supresi\u00f3n de los datos personales y solicite en su lugar la limitaci\u00f3n de su uso<\/li><li>c) el responsable ya no necesite los datos personales para los fines del tratamiento, pero el interesado los necesite para la formulaci\u00f3n, el ejercicio o la defensa de reclamaciones<\/li><li>d) el interesado se haya opuesto al tratamiento en virtud del art\u00edculo 21, apartado 1, mientras se verifica si los motivos leg\u00edtimos del responsable prevalecen sobre los del interesado<\/li><\/ol><p>2.- Cuando el tratamiento de datos personales se haya limitado en virtud del apartado 1, dichos datos solo podr\u00e1n ser objeto de tratamiento, con excepci\u00f3n de su conservaci\u00f3n, con el consentimiento del interesado o para la formulaci\u00f3n, el ejercicio o la defensa de reclamaciones, o con miras a la protecci\u00f3n de los derechos de otra persona f\u00edsica o jur\u00eddica o por razones de inter\u00e9s p\u00fablico importante de la Uni\u00f3n o de un determinado Estado miembro.<\/p><p>3.- Todo interesado que haya obtenido la limitaci\u00f3n del tratamiento con arreglo al apartado 1 ser\u00e1 informado por el responsable antes del levantamiento de dicha limitaci\u00f3n.<\/p><p><u>Derecho de oposici\u00f3n (art. 21 del Reglamento General de Protecci\u00f3n de Datos):<\/u><\/p><p>1.- El interesado tendr\u00e1 derecho a oponerse en cualquier momento, por motivos relacionados con su situaci\u00f3n particular, a que datos personales que le conciernan sean objeto de un tratamiento basado en lo dispuesto en el art\u00edculo 6, apartado 1, letras e) o f), incluida la elaboraci\u00f3n de perfiles sobre la base de dichas disposiciones. El responsable del tratamiento dejar\u00e1 de tratar los datos personales, salvo que acredite motivos leg\u00edtimos imperiosos para el tratamiento que prevalezcan sobre los intereses, los derechos y las libertades del interesado, o para la formulaci\u00f3n, el ejercicio o la defensa de reclamaciones.<\/p><p>2.- Cuando el tratamiento de datos personales tenga por objeto la mercadotecnia directa, el interesado tendr\u00e1 derecho a oponerse en todo momento al tratamiento de los datos personales que le conciernan, incluida la elaboraci\u00f3n de perfiles en la medida en que est\u00e9 relacionada con la citada mercadotecnia.<\/p><p>3.- Cuando el interesado se oponga al tratamiento con fines de mercadotecnia directa, los datos personales dejar\u00e1n de ser tratados para dichos fines.<\/p><p>4.- Cuando los datos personales se traten con fines de investigaci\u00f3n cient\u00edfica o hist\u00f3rica o fines estad\u00edsticos de conformidad con el art\u00edculo 89, apartado 1, el interesado tendr\u00e1 derecho, por motivos relacionados con su situaci\u00f3n particular, a oponerse al tratamiento de datos personales que le conciernan, salvo que sea necesario para el cumplimiento de una misi\u00f3n realizada por razones de inter\u00e9s p\u00fablico.<\/p><p><u>Derecho de portabilidad de datos (art. 20 del Reglamento General de Datos):<\/u><\/p><p>1.- El interesado tendr\u00e1 derecho a recibir los datos personales que le incumban, que haya facilitado a un responsable del tratamiento, en un formato estructurado, de uso com\u00fan y lectura mec\u00e1nica, y a transmitirlos a otro responsable del tratamiento sin que lo impida el responsable al que se los hubiera facilitado, cuando:<\/p><ol><li>a) el tratamiento est\u00e9 basado en el consentimiento con arreglo al art\u00edculo 6, apartado 1, letra a), o el art\u00edculo 9, apartado 2, letra a), o en un contrato con arreglo al art\u00edculo 6, apartado 1, letra b), y<\/li><li>b) el tratamiento se efect\u00fae por medios automatizados.<\/li><\/ol><p>2.- Al ejercer su derecho a la portabilidad de los datos de acuerdo con el apartado 1, el interesado tendr\u00e1 derecho a que los datos personales se transmitan directamente de responsable a responsable cuando sea t\u00e9cnicamente posible.<\/p><p>3.- El ejercicio del derecho mencionado en el apartado 1 del presente art\u00edculo se entender\u00e1 sin perjuicio del art\u00edculo 17. Tal derecho no se aplicar\u00e1 al tratamiento que sea necesario para el cumplimiento de una misi\u00f3n realizada en inter\u00e9s p\u00fablico o en el ejercicio de poderes p\u00fablicos conferidos al responsable del tratamiento.<\/p><p><strong>Obligaci\u00f3n de notificaci\u00f3n relativa a la rectificaci\u00f3n o suspensi\u00f3n de datos personales o la limitaci\u00f3n del tratamiento:<\/strong> El responsable del tratamiento comunicar\u00e1 cualquier rectificaci\u00f3n o supresi\u00f3n de datos personales o limitaci\u00f3n del tratamiento efectuada con arreglo al art\u00edculo 16, al art\u00edculo 17, apartado 1, y al art\u00edculo 18 a cada uno de los destinatarios a los que se hayan comunicado los datos personales, salvo que sea imposible o exija un esfuerzo desproporcionado. El responsable informar\u00e1 al interesado acerca de dichos destinatarios, si este as\u00ed lo solicita.<\/p><p><strong>Revocaci\u00f3n del consentimiento: <\/strong>El interesado, que en su momento hubiera otorgado el consentimiento para tratar sus datos personales, podr\u00e1 igualmente retirarlo con igual facilidad. La retirada del consentimiento no comportar\u00e1 la ilicitud del tratamiento efectuado con anterioridad.<\/p><p>El interesado tendr\u00e1 derecho a presentar una reclamaci\u00f3n ante la Autoridad de Control competente.<\/p><p>Cuando los datos personales vayan a ser tratados de forma posterior para finalidades distintas, el responsable informar\u00e1 al interesado de tal extremo.<\/p><p><strong>Medidas de seguridad: <\/strong>El Responsable del Tratamiento manifiesta que ha adoptado las medidas de \u00edndole t\u00e9cnica y organizativa necesarias para garantizar la seguridad de los datos y evitar su alteraci\u00f3n, p\u00e9rdida, tratamiento o acceso no autorizado, teniendo en cuenta el estado de la tecnolog\u00eda, la naturaleza de los datos almacenados y los riesgos a que se encuentran expuestos, ya provengan de la acci\u00f3n humana o del medio f\u00edsico o natural.<\/p><p>La Web de MARESMAR Contiene o podr\u00eda llegar a contener enlaces a otras p\u00e1ginas Web que puedan resultar de inter\u00e9s para el interesado. MARESMAR no asume ninguna responsabilidad sobre estos enlaces, sin que se pueda dar ninguna garant\u00eda en el cumplimiento de pol\u00edticas de privacidad adecuadas, por lo que el interesado accede al contenido de las referidas p\u00e1ginas Web en las condiciones de uso que se fijen en las mismas y bajo su exclusiva responsabilidad.<\/p><p>Si tiene alguna duda, cuesti\u00f3n o recomendaci\u00f3n sobre nuestra Pol\u00edtica de Privacidad, puede dirigirse a nosotros a trav\u00e9s de correo electr\u00f3nico a la siguiente direcci\u00f3n: <a href=\"mailto:datos@maresmar.com\"><strong>datos@maresmar.com<\/strong><\/a><\/p><p>MARESMAR, S.L.U<\/p><p>Todos los derechos reservados<\/p>","_et_gb_content_width":"","footnotes":""},"class_list":["post-4734","page","type-page","status-publish","hentry"],"yoast_head":"<!-- This site is optimized with the Yoast SEO plugin v27.3 - https:\/\/yoast.com\/product\/yoast-seo-wordpress\/ -->\n<title>Pol\u00edtica de privacidad - maresmar.com<\/title>\n<meta name=\"robots\" content=\"index, follow, max-snippet:-1, max-image-preview:large, max-video-preview:-1\" \/>\n<link rel=\"canonical\" href=\"https:\/\/www.maresmar.com\/ca\/politica-de-privacidad\/\" \/>\n<meta property=\"og:locale\" content=\"ca_ES\" \/>\n<meta property=\"og:type\" content=\"article\" \/>\n<meta property=\"og:title\" content=\"Pol\u00edtica de privacidad - maresmar.com\" \/>\n<meta property=\"og:description\" content=\"POL\u00cdTICA DE PRIVACITAT ENS PREOCUPA LA SEVA PRIVACITAT L&#039;acc\u00e9s i \u00fas del lloc web https:\/\/www.maresmar.com\/ (d&#039;ara endavant, \u201cWeb\u201d\u201d) atribueix la condici\u00f3 d&#039;usuari al visitant de la Web i implica la total acceptaci\u00f3 sense reserves per part de l&#039;usuari de les condicions d&#039;\u00fas vigents a cada moment. MARESMAR, S.L.O. (d&#039;ara endavant, denominada col\u00b7lectiva i indistintament &quot;MARESMAR\u201d, [&hellip;]\" \/>\n<meta property=\"og:url\" content=\"https:\/\/www.maresmar.com\/ca\/politica-de-privacidad\/\" \/>\n<meta property=\"og:site_name\" content=\"maresmar.com\" \/>\n<meta property=\"article:modified_time\" content=\"2024-02-15T11:31:20+00:00\" \/>\n<meta property=\"og:image\" content=\"https:\/\/www.maresmar.com\/wp-content\/uploads\/2024\/04\/logo-maresmar-socials-1.png\" \/>\n\t<meta property=\"og:image:width\" content=\"500\" \/>\n\t<meta property=\"og:image:height\" content=\"311\" \/>\n\t<meta property=\"og:image:type\" content=\"image\/png\" \/>\n<meta name=\"twitter:card\" content=\"summary_large_image\" \/>\n<meta name=\"twitter:label1\" content=\"Temps estimat de lectura\" \/>\n\t<meta name=\"twitter:data1\" content=\"9 minuts\" \/>\n<script type=\"application\/ld+json\" class=\"yoast-schema-graph\">{\"@context\":\"https:\\\/\\\/schema.org\",\"@graph\":[{\"@type\":\"WebPage\",\"@id\":\"https:\\\/\\\/www.maresmar.com\\\/ca\\\/politica-de-privacidad\\\/\",\"url\":\"https:\\\/\\\/www.maresmar.com\\\/ca\\\/politica-de-privacidad\\\/\",\"name\":\"Pol\u00edtica de privacidad - maresmar.com\",\"isPartOf\":{\"@id\":\"https:\\\/\\\/www.maresmar.com\\\/#website\"},\"datePublished\":\"2020-12-17T09:27:02+00:00\",\"dateModified\":\"2024-02-15T11:31:20+00:00\",\"inLanguage\":\"ca\",\"potentialAction\":[{\"@type\":\"ReadAction\",\"target\":[\"https:\\\/\\\/www.maresmar.com\\\/ca\\\/politica-de-privacidad\\\/\"]}]},{\"@type\":\"WebSite\",\"@id\":\"https:\\\/\\\/www.maresmar.com\\\/#website\",\"url\":\"https:\\\/\\\/www.maresmar.com\\\/\",\"name\":\"Maresmar\",\"description\":\"En todos los oceanos, Desde 1987 nuestra apuesta por el servicio y la innovaci\u00f3n, ha permitido consolidar nuestra oferta de productos del mar como una de las m\u00e1s amplias del mercado.\",\"publisher\":{\"@id\":\"https:\\\/\\\/www.maresmar.com\\\/#organization\"},\"potentialAction\":[{\"@type\":\"SearchAction\",\"target\":{\"@type\":\"EntryPoint\",\"urlTemplate\":\"https:\\\/\\\/www.maresmar.com\\\/?s={search_term_string}\"},\"query-input\":{\"@type\":\"PropertyValueSpecification\",\"valueRequired\":true,\"valueName\":\"search_term_string\"}}],\"inLanguage\":\"ca\"},{\"@type\":\"Organization\",\"@id\":\"https:\\\/\\\/www.maresmar.com\\\/#organization\",\"name\":\"Maresmar\",\"url\":\"https:\\\/\\\/www.maresmar.com\\\/\",\"logo\":{\"@type\":\"ImageObject\",\"inLanguage\":\"ca\",\"@id\":\"https:\\\/\\\/www.maresmar.com\\\/#\\\/schema\\\/logo\\\/image\\\/\",\"url\":\"https:\\\/\\\/www.maresmar.com\\\/wp-content\\\/uploads\\\/2024\\\/04\\\/logo-maresmar-socials-1.png\",\"contentUrl\":\"https:\\\/\\\/www.maresmar.com\\\/wp-content\\\/uploads\\\/2024\\\/04\\\/logo-maresmar-socials-1.png\",\"width\":500,\"height\":311,\"caption\":\"Maresmar\"},\"image\":{\"@id\":\"https:\\\/\\\/www.maresmar.com\\\/#\\\/schema\\\/logo\\\/image\\\/\"}}]}<\/script>\n<!-- \/ Yoast SEO plugin. -->","yoast_head_json":{"title":"Pol\u00edtica de privacidad - maresmar.com","robots":{"index":"index","follow":"follow","max-snippet":"max-snippet:-1","max-image-preview":"max-image-preview:large","max-video-preview":"max-video-preview:-1"},"canonical":"https:\/\/www.maresmar.com\/ca\/politica-de-privacidad\/","og_locale":"ca_ES","og_type":"article","og_title":"Pol\u00edtica de privacidad - maresmar.com","og_description":"POL\u00cdTICA DE PRIVACITAT ENS PREOCUPA LA SEVA PRIVACITAT L'acc\u00e9s i \u00fas del lloc web https:\/\/www.maresmar.com\/ (d'ara endavant, \u201cWeb\u201d\u201d) atribueix la condici\u00f3 d'usuari al visitant de la Web i implica la total acceptaci\u00f3 sense reserves per part de l'usuari de les condicions d'\u00fas vigents a cada moment. MARESMAR, S.L.O. (d'ara endavant, denominada col\u00b7lectiva i indistintament \"MARESMAR\u201d, [&hellip;]","og_url":"https:\/\/www.maresmar.com\/ca\/politica-de-privacidad\/","og_site_name":"maresmar.com","article_modified_time":"2024-02-15T11:31:20+00:00","og_image":[{"width":500,"height":311,"url":"https:\/\/www.maresmar.com\/wp-content\/uploads\/2024\/04\/logo-maresmar-socials-1.png","type":"image\/png"}],"twitter_card":"summary_large_image","twitter_misc":{"Temps estimat de lectura":"9 minuts"},"schema":{"@context":"https:\/\/schema.org","@graph":[{"@type":"WebPage","@id":"https:\/\/www.maresmar.com\/ca\/politica-de-privacidad\/","url":"https:\/\/www.maresmar.com\/ca\/politica-de-privacidad\/","name":"Pol\u00edtica de privacidad - maresmar.com","isPartOf":{"@id":"https:\/\/www.maresmar.com\/#website"},"datePublished":"2020-12-17T09:27:02+00:00","dateModified":"2024-02-15T11:31:20+00:00","inLanguage":"ca","potentialAction":[{"@type":"ReadAction","target":["https:\/\/www.maresmar.com\/ca\/politica-de-privacidad\/"]}]},{"@type":"WebSite","@id":"https:\/\/www.maresmar.com\/#website","url":"https:\/\/www.maresmar.com\/","name":"Maresmar","description":"En todos los oceanos, Desde 1987 nuestra apuesta por el servicio y la innovaci\u00f3n, ha permitido consolidar nuestra oferta de productos del mar como una de las m\u00e1s amplias del mercado.","publisher":{"@id":"https:\/\/www.maresmar.com\/#organization"},"potentialAction":[{"@type":"SearchAction","target":{"@type":"EntryPoint","urlTemplate":"https:\/\/www.maresmar.com\/?s={search_term_string}"},"query-input":{"@type":"PropertyValueSpecification","valueRequired":true,"valueName":"search_term_string"}}],"inLanguage":"ca"},{"@type":"Organization","@id":"https:\/\/www.maresmar.com\/#organization","name":"Maresmar","url":"https:\/\/www.maresmar.com\/","logo":{"@type":"ImageObject","inLanguage":"ca","@id":"https:\/\/www.maresmar.com\/#\/schema\/logo\/image\/","url":"https:\/\/www.maresmar.com\/wp-content\/uploads\/2024\/04\/logo-maresmar-socials-1.png","contentUrl":"https:\/\/www.maresmar.com\/wp-content\/uploads\/2024\/04\/logo-maresmar-socials-1.png","width":500,"height":311,"caption":"Maresmar"},"image":{"@id":"https:\/\/www.maresmar.com\/#\/schema\/logo\/image\/"}}]}},"_links":{"self":[{"href":"https:\/\/www.maresmar.com\/ca\/wp-json\/wp\/v2\/pages\/4734","targetHints":{"allow":["GET"]}}],"collection":[{"href":"https:\/\/www.maresmar.com\/ca\/wp-json\/wp\/v2\/pages"}],"about":[{"href":"https:\/\/www.maresmar.com\/ca\/wp-json\/wp\/v2\/types\/page"}],"author":[{"embeddable":true,"href":"https:\/\/www.maresmar.com\/ca\/wp-json\/wp\/v2\/users\/1"}],"replies":[{"embeddable":true,"href":"https:\/\/www.maresmar.com\/ca\/wp-json\/wp\/v2\/comments?post=4734"}],"version-history":[{"count":2,"href":"https:\/\/www.maresmar.com\/ca\/wp-json\/wp\/v2\/pages\/4734\/revisions"}],"predecessor-version":[{"id":7152,"href":"https:\/\/www.maresmar.com\/ca\/wp-json\/wp\/v2\/pages\/4734\/revisions\/7152"}],"wp:attachment":[{"href":"https:\/\/www.maresmar.com\/ca\/wp-json\/wp\/v2\/media?parent=4734"}],"curies":[{"name":"wp","href":"https:\/\/api.w.org\/{rel}","templated":true}]}}